{"id":11,"date":"2020-06-27T01:56:32","date_gmt":"2020-06-27T01:56:32","guid":{"rendered":"http:\/\/iw-berlin.de\/?page_id=11"},"modified":"2023-10-26T12:11:11","modified_gmt":"2023-10-26T12:11:11","slug":"fuer-bewerber","status":"publish","type":"page","link":"https:\/\/iw-berlin.de\/?page_id=11","title":{"rendered":"F\u00fcr Bewerber"},"content":{"rendered":"<p>[et_pb_section fb_built=&#8220;1&#8243; fullwidth=&#8220;on&#8220; admin_label=&#8220;Hero Section&#8220; _builder_version=&#8220;3.22&#8243; background_image=&#8220;https:\/\/iw-berlin.de\/wp-content\/uploads\/2020\/06\/job_recruitement_15.jpg&#8220; parallax=&#8220;on&#8220; custom_padding=&#8220;|||&#8220;][et_pb_fullwidth_header title=&#8220;Der einfachste Weg, eingestellt zu werden<br \/>\n&#8220; subhead=&#8220;F\u00fcr Bewerber&#8220; content_max_width=&#8220;900px&#8220; _builder_version=&#8220;4.9.10&#8243; title_font=&#8220;Poppins|600||on|||||&#8220; title_font_size=&#8220;18px&#8220; title_letter_spacing=&#8220;4px&#8220; title_line_height=&#8220;1.8em&#8220; content_font=&#8220;Poppins||||||||&#8220; content_font_size=&#8220;17px&#8220; content_line_height=&#8220;1.8em&#8220; subhead_font=&#8220;Raleway|700|||||||&#8220; subhead_font_size=&#8220;72px&#8220; subhead_line_height=&#8220;1.4em&#8220; background_color=&#8220;rgba(126,190,197,0)&#8220; use_background_color_gradient=&#8220;on&#8220; background_color_gradient_start=&#8220;#000dff&#8220; background_color_gradient_end=&#8220;rgba(0,13,255,0.35)&#8220; background_color_gradient_direction=&#8220;90deg&#8220; background_color_gradient_start_position=&#8220;25%&#8220; background_color_gradient_end_position=&#8220;75%&#8220; background_color_gradient_overlays_image=&#8220;on&#8220; custom_button_one=&#8220;on&#8220; button_one_text_size=&#8220;14px&#8220; button_one_bg_color=&#8220;#29cb8b&#8220; button_one_border_width=&#8220;12px&#8220; button_one_border_color=&#8220;#29cb8b&#8220; button_one_letter_spacing=&#8220;2px&#8220; button_one_font=&#8220;Poppins|600||on|||||&#8220; button_one_icon=&#8220;%%3%%&#8220; custom_button_two=&#8220;on&#8220; button_two_text_size=&#8220;14px&#8220; button_two_text_color=&#8220;#29cb8b&#8220; button_two_bg_color=&#8220;#ffffff&#8220; button_two_border_width=&#8220;12px&#8220; button_two_border_color=&#8220;#ffffff&#8220; button_two_letter_spacing=&#8220;2px&#8220; button_two_font=&#8220;Poppins|600||on|||||&#8220; button_two_icon=&#8220;%%3%%&#8220; custom_padding=&#8220;10vw||22vw|||&#8220; hover_enabled=&#8220;0&#8243; content_font_size_last_edited=&#8220;off|desktop&#8220; subhead_font_size_tablet=&#8220;56px&#8220; subhead_font_size_phone=&#8220;36px&#8220; subhead_font_size_last_edited=&#8220;on|phone&#8220; button_one_letter_spacing_hover=&#8220;2px&#8220; button_two_letter_spacing_hover=&#8220;2px&#8220; button_one_text_size__hover_enabled=&#8220;off&#8220; button_two_text_size__hover_enabled=&#8220;off&#8220; button_one_text_color__hover_enabled=&#8220;off&#8220; button_two_text_color__hover_enabled=&#8220;off&#8220; button_one_border_width__hover_enabled=&#8220;off&#8220; button_two_border_width__hover_enabled=&#8220;off&#8220; button_one_border_color__hover_enabled=&#8220;off&#8220; button_two_border_color__hover_enabled=&#8220;off&#8220; button_one_border_radius__hover_enabled=&#8220;off&#8220; button_two_border_radius__hover_enabled=&#8220;off&#8220; button_one_letter_spacing__hover_enabled=&#8220;on&#8220; button_one_letter_spacing__hover=&#8220;2px&#8220; button_two_letter_spacing__hover_enabled=&#8220;on&#8220; button_two_letter_spacing__hover=&#8220;2px&#8220; button_one_bg_color__hover_enabled=&#8220;off&#8220; button_two_bg_color__hover_enabled=&#8220;off&#8220; sticky_enabled=&#8220;0&#8243;]<\/p>\n<h2 style=\"text-align: center;\"><strong><span style=\"color: #ff0000;\">\u00dcber AVGS 100 % f\u00f6rderbar\u00a0<\/span><\/strong><\/h2>\n<h5 style=\"text-align: center;\"><span style=\"color: #ff0000;\"><strong>(<a href=\"https:\/\/www.arbeitsagentur.de\/arbeitslos-arbeit-finden\/aktivierungs-vermittlungsgutschein-avgs-private-arbeitsvermittlung\" target=\"_blank\" rel=\"noopener\"><span style=\"text-decoration: underline;\">Aktivierungs- und Vermittlungsgutschein der Agentur f\u00fcr Arbeit \/des Jobcenters<\/span><\/a>)<\/strong><\/span><\/h5>\n<p>[\/et_pb_fullwidth_header][\/et_pb_section][et_pb_section fb_built=&#8220;1&#8243; _builder_version=&#8220;3.22&#8243; custom_margin=&#8220;||-56px||false|&#8220; custom_margin_tablet=&#8220;&#8220; custom_margin_phone=&#8220;||0px|&#8220; custom_margin_last_edited=&#8220;on|phone&#8220; custom_padding=&#8220;0px||||false&#8220;][et_pb_row _builder_version=&#8220;3.25&#8243; width=&#8220;100%&#8220; max_width=&#8220;100%&#8220; custom_margin=&#8220;|||&#8220; custom_padding=&#8220;0|0px||0px|false|false&#8220; use_custom_width=&#8220;on&#8220; width_unit=&#8220;off&#8220; custom_width_percent=&#8220;100%&#8220;][et_pb_column type=&#8220;4_4&#8243; _builder_version=&#8220;3.25&#8243; custom_padding=&#8220;|||&#8220; custom_padding__hover=&#8220;|||&#8220;][et_pb_text _builder_version=&#8220;4.4.7&#8243; text_font=&#8220;Raleway|800|||||||&#8220; text_font_size=&#8220;21vw&#8220; text_line_height=&#8220;0.8em&#8220; header_font=&#8220;||||||||&#8220; background_layout=&#8220;dark&#8220; custom_margin=&#8220;-14vw|||-2%&#8220; custom_padding=&#8220;||0px|||&#8220; animation_style=&#8220;slide&#8220; animation_direction=&#8220;bottom&#8220; animation_intensity_slide=&#8220;5%&#8220; animation_starting_opacity=&#8220;100%&#8220; text_font_size_tablet=&#8220;&#8220; text_font_size_phone=&#8220;&#8220; text_font_size_last_edited=&#8220;on|tablet&#8220;]<\/p>\n<p>Arbeit<\/p>\n<p>[\/et_pb_text][\/et_pb_column][\/et_pb_row][\/et_pb_section][et_pb_section fb_built=&#8220;1&#8243; admin_label=&#8220;Welcome Section&#8220; _builder_version=&#8220;3.22&#8243; custom_padding=&#8220;10px||39px|||&#8220;][et_pb_row _builder_version=&#8220;3.25&#8243; custom_padding=&#8220;0|0px|27px|0px|false|false&#8220;][et_pb_column type=&#8220;4_4&#8243; _builder_version=&#8220;3.25&#8243; custom_padding=&#8220;|||&#8220; custom_padding__hover=&#8220;|||&#8220;][et_pb_text _builder_version=&#8220;4.4.7&#8243; text_font=&#8220;Raleway||||||||&#8220; text_font_size=&#8220;26px&#8220; text_line_height=&#8220;1.6em&#8220; header_font=&#8220;||||||||&#8220; text_orientation=&#8220;center&#8220; max_width=&#8220;900px&#8220; module_alignment=&#8220;center&#8220; text_font_size_tablet=&#8220;&#8220; text_font_size_phone=&#8220;24px&#8220; text_font_size_last_edited=&#8220;on|phone&#8220;]<\/p>\n<p><strong>Ihre Bewerbung &#8211; der Grundstein f\u00fcr die Zukunft\u00a0\u00a0<span style=\"font-size: 32px;\">\u00a0<\/span><\/strong><\/p>\n<p>Wir unterst\u00fctzen Sie bei der beruflichen Neuorientierung und bei Langzeitarbeitslosen nach R\u00fcckkehr zur Arbeit.<span style=\"font-size: 32px;\">\u00a0<\/span><\/p>\n<p>In einem pers\u00f6nlichen Gespr\u00e4ch besprechen wir Ihre W\u00fcnsche und Karriereziele. Neben der Optimierung der Bewerbungsunterlagen untersuchen wir auch andere Optionen, die auf Ihren individuellen Kenntnissen und Qualifikationen basieren, und zeigen so neue M\u00f6glichkeiten und T\u00e4tigkeitsbereiche auf.\u00a0<\/p>\n<p>Wir erstellen f\u00fcr jeden Kandidaten ein anonymes Profil, das alle Qualifikationen, Ideen und St\u00e4rken ber\u00fccksichtigt, die wir potenziellen Arbeitgebern bieten. Wenn Ihr Profil Interesse geweckt hat und der Arbeitgeber Sie gerne kennenlernen m\u00f6chte, werden wir Sie kontaktieren und die n\u00e4chsten Schritte gemeinsam besprechen.<\/p>\n<p>Vorteile der Privatplatzierung:<span style=\"font-size: 32px;\">\u00a0<\/span><\/p>\n<p>Dank unserer langj\u00e4hrigen Arbeit im Bereich Arbeitsvermittlung und der daraus resultierenden guten Kontakte zu vielen Unternehmen f\u00e4llt es uns leicht, im Namen unserer Kunden Kontakte zu potenziellen Arbeitgebern zu kn\u00fcpfen. Da wir mit vielen Menschen in Personalabteilungen pers\u00f6nlich vertraut sind, haben wir die M\u00f6glichkeit, Ihre St\u00e4rken und F\u00e4higkeiten direkt auf die Verantwortlichen aufmerksam zu machen und so Ihre Chancen auf einen neuen Job zu erh\u00f6hen.<\/p>\n<p>[\/et_pb_text][\/et_pb_column][\/et_pb_row][\/et_pb_section][et_pb_section fb_built=&#8220;1&#8243; admin_label=&#8220;Contact Form Section&#8220; _builder_version=&#8220;3.22&#8243; background_color=&#8220;#f1f5f9&#8243; max_width=&#8220;96%&#8220; module_alignment=&#8220;right&#8220; custom_margin=&#8220;114px||-15px|||&#8220; custom_padding=&#8220;79px||0vw|||&#8220;][et_pb_row _builder_version=&#8220;3.25&#8243; custom_padding=&#8220;|||&#8220; locked=&#8220;off&#8220;][et_pb_column type=&#8220;4_4&#8243; saved_specialty_column_type=&#8220;2_3&#8243; _builder_version=&#8220;3.25&#8243; custom_padding=&#8220;|||&#8220; custom_padding__hover=&#8220;|||&#8220;][et_pb_text _builder_version=&#8220;3.27.4&#8243; ul_font=&#8220;||||||||&#8220; ol_font=&#8220;||||||||&#8220; header_font=&#8220;||||||||&#8220; header_2_font=&#8220;Raleway|700|||||||&#8220; header_2_font_size=&#8220;56px&#8220; header_2_line_height=&#8220;1.2em&#8220; custom_margin=&#8220;||20px|&#8220; header_2_font_size_tablet=&#8220;36px&#8220; header_2_font_size_phone=&#8220;&#8220; header_2_font_size_last_edited=&#8220;on|phone&#8220;]<\/p>\n<h2>Kontakt aufnehmen<\/h2>\n<p>[\/et_pb_text][et_pb_divider color=&#8220;#29cb8b&#8220; divider_weight=&#8220;3px&#8220; _builder_version=&#8220;3.2&#8243; max_width=&#8220;50px&#8220;][\/et_pb_divider][\/et_pb_column][\/et_pb_row][et_pb_row column_structure=&#8220;1_2,1_2&#8243; _builder_version=&#8220;4.4.7&#8243; custom_margin=&#8220;|||&#8220; custom_width_px=&#8220;750px&#8220;][et_pb_column type=&#8220;1_2&#8243; _builder_version=&#8220;3.25&#8243; custom_padding=&#8220;|||&#8220; custom_padding__hover=&#8220;|||&#8220;][et_pb_code _builder_version=&#8220;4.4.7&#8243; locked=&#8220;off&#8220;]\n<div class=\"wpcf7 no-js\" id=\"wpcf7-f303-o1\" lang=\"de-DE\" dir=\"ltr\" data-wpcf7-id=\"303\">\n<div class=\"screen-reader-response\"><p role=\"status\" aria-live=\"polite\" aria-atomic=\"true\"><\/p> <ul><\/ul><\/div>\n<form action=\"\/index.php?rest_route=%2Fwp%2Fv2%2Fpages%2F11#wpcf7-f303-o1\" method=\"post\" class=\"wpcf7-form init\" aria-label=\"Kontaktformular\" novalidate=\"novalidate\" data-status=\"init\">\n<div style=\"display: none;\">\n<input type=\"hidden\" name=\"_wpcf7\" value=\"303\" \/>\n<input type=\"hidden\" name=\"_wpcf7_version\" value=\"6.0.6\" \/>\n<input type=\"hidden\" name=\"_wpcf7_locale\" value=\"de_DE\" \/>\n<input type=\"hidden\" name=\"_wpcf7_unit_tag\" value=\"wpcf7-f303-o1\" \/>\n<input type=\"hidden\" name=\"_wpcf7_container_post\" value=\"0\" \/>\n<input type=\"hidden\" name=\"_wpcf7_posted_data_hash\" value=\"\" \/>\n<\/div>\n<p><label> Dein Name (Pflichtfeld)<br \/>\n<span class=\"wpcf7-form-control-wrap\" data-name=\"your-name\"><input size=\"40\" maxlength=\"400\" class=\"wpcf7-form-control wpcf7-text wpcf7-validates-as-required\" aria-required=\"true\" aria-invalid=\"false\" value=\"\" type=\"text\" name=\"your-name\" \/><\/span> <\/label>\n<\/p>\n<p><label> Deine E-Mail-Adresse (Pflichtfeld)<br \/>\n<span class=\"wpcf7-form-control-wrap\" data-name=\"your-email\"><input size=\"40\" maxlength=\"400\" class=\"wpcf7-form-control wpcf7-email wpcf7-validates-as-required wpcf7-text wpcf7-validates-as-email\" aria-required=\"true\" aria-invalid=\"false\" value=\"\" type=\"email\" name=\"your-email\" \/><\/span> <\/label>\n<\/p>\n<p><label> Tel.<br \/>\n<span class=\"wpcf7-form-control-wrap\" data-name=\"Telefon\"><input size=\"40\" maxlength=\"400\" class=\"wpcf7-form-control wpcf7-tel wpcf7-text wpcf7-validates-as-tel\" aria-invalid=\"false\" placeholder=\"\" value=\"\" type=\"tel\" name=\"Telefon\" \/><\/span> <\/label>\n<\/p>\n<p><label> Deine Nachricht<br \/>\n<span class=\"wpcf7-form-control-wrap\" data-name=\"your-message\"><textarea cols=\"40\" rows=\"10\" maxlength=\"2000\" class=\"wpcf7-form-control wpcf7-textarea\" aria-invalid=\"false\" name=\"your-message\"><\/textarea><\/span> <\/label>\n<\/p>\n<p><input class=\"wpcf7-form-control wpcf7-submit has-spinner\" type=\"submit\" value=\"Senden\" \/>\n<\/p><div class=\"wpcf7-response-output\" aria-hidden=\"true\"><\/div>\n<\/form>\n<\/div>\n[\/et_pb_code][\/et_pb_column][et_pb_column type=&#8220;1_2&#8243; _builder_version=&#8220;3.25&#8243; custom_padding=&#8220;|||&#8220; custom_padding__hover=&#8220;|||&#8220;][et_pb_image src=&#8220;https:\/\/iw-berlin.de\/wp-content\/uploads\/2023\/03\/Logo_InclusiveWork_FINAL.gif.gif&#8220; title_text=&#8220;Logo_InclusiveWork_FINAL.gif&#8220; _builder_version=&#8220;4.9.10&#8243; width=&#8220;86%&#8220; max_width=&#8220;100%&#8220; custom_margin=&#8220;||15px|&#8220; always_center_on_mobile=&#8220;off&#8220;][\/et_pb_image][\/et_pb_column][\/et_pb_row][\/et_pb_section][et_pb_section fb_built=&#8220;1&#8243; admin_label=&#8220;Footer&#8220; _builder_version=&#8220;3.22&#8243; custom_padding=&#8220;60px||60px||true|false&#8220; saved_tabs=&#8220;all&#8220;][et_pb_row column_structure=&#8220;1_3,1_3,1_3&#8243; _builder_version=&#8220;4.4.7&#8243;][et_pb_column type=&#8220;1_3&#8243; _builder_version=&#8220;3.25&#8243; custom_padding=&#8220;|||&#8220; custom_padding__hover=&#8220;|||&#8220;][et_pb_text _builder_version=&#8220;4.4.7&#8243; header_font=&#8220;||||||||&#8220; header_4_font=&#8220;Raleway|700|||||||&#8220; header_4_font_size=&#8220;22px&#8220; header_4_line_height=&#8220;1.4em&#8220; custom_margin=&#8220;||10px|&#8220;]<\/p>\n<h4>\u00d6ffnungszeiten:\u00a0<\/h4>\n<p>[\/et_pb_text][et_pb_text _builder_version=&#8220;4.4.7&#8243; text_font=&#8220;Poppins||||||||&#8220; text_font_size=&#8220;16px&#8220; text_line_height=&#8220;1.6em&#8220;]<\/p>\n<p>Mo. \u2013 Fr.: 08 \u2013 17 Uhr<\/p>\n<p>Tel.: +49 30 517 336 34<\/p>\n<p>Fax: +49 30 530 194 08<\/p>\n<p><a href=\"http:\/\/www.iw-berlin.de\"><\/a><\/p>\n<p>[\/et_pb_text][\/et_pb_column][et_pb_column type=&#8220;1_3&#8243; _builder_version=&#8220;3.25&#8243; custom_padding=&#8220;|||&#8220; custom_padding__hover=&#8220;|||&#8220;][et_pb_text _builder_version=&#8220;4.4.7&#8243; header_font=&#8220;||||||||&#8220; header_4_font=&#8220;Raleway|700|||||||&#8220; header_4_font_size=&#8220;22px&#8220; header_4_line_height=&#8220;1.4em&#8220; custom_margin=&#8220;||10px|&#8220;]<\/p>\n<h4>Standort<\/h4>\n<p>[\/et_pb_text][et_pb_text _builder_version=&#8220;4.4.7&#8243; text_font=&#8220;Poppins||||||||&#8220; text_font_size=&#8220;16px&#8220; text_line_height=&#8220;1.6em&#8220;]<\/p>\n<p>Inclusive Work Berlin\u00a0\u00a0<\/p>\n<p>Marienfelder Allee 18<\/p>\n<p>12277 Berlin<\/p>\n<p>[\/et_pb_text][\/et_pb_column][et_pb_column type=&#8220;1_3&#8243; _builder_version=&#8220;4.4.7&#8243;][et_pb_text _builder_version=&#8220;4.4.7&#8243; header_font=&#8220;||||||||&#8220; header_4_font=&#8220;Raleway|700|||||||&#8220; header_4_font_size=&#8220;22px&#8220; header_4_line_height=&#8220;1.4em&#8220; custom_margin=&#8220;||10px|&#8220;]<\/p>\n<h4>Leitung<\/h4>\n<p>[\/et_pb_text][et_pb_text _builder_version=&#8220;4.4.7&#8243; text_font=&#8220;Poppins||||||||&#8220; text_font_size=&#8220;16px&#8220; text_line_height=&#8220;1.6em&#8220;]<\/p>\n<p>Inh. Ismail Tekin<\/p>\n<p><a href=\"mailto:info@iw-berlin.de\">info@iw-berlin.de<\/a><\/p>\n<p>&nbsp;<\/p>\n<p>&nbsp;<\/p>\n<p>[\/et_pb_text][\/et_pb_column][\/et_pb_row][\/et_pb_section]<\/p>\n","protected":false},"excerpt":{"rendered":"<p>\u00dcber AVGS 100 % f\u00f6rderbar\u00a0 (Aktivierungs- und Vermittlungsgutschein der Agentur f\u00fcr Arbeit \/des Jobcenters)ArbeitIhre Bewerbung &#8211; der Grundstein f\u00fcr die Zukunft\u00a0\u00a0\u00a0 Wir unterst\u00fctzen Sie bei der beruflichen Neuorientierung und bei Langzeitarbeitslosen nach R\u00fcckkehr zur Arbeit.\u00a0 In einem pers\u00f6nlichen Gespr\u00e4ch besprechen wir Ihre W\u00fcnsche und Karriereziele. Neben der Optimierung der Bewerbungsunterlagen untersuchen wir auch andere Optionen, [&hellip;]<\/p>\n","protected":false},"author":1,"featured_media":0,"parent":0,"menu_order":0,"comment_status":"closed","ping_status":"closed","template":"","meta":{"_et_pb_use_builder":"on","_et_pb_old_content":"","_et_gb_content_width":"","footnotes":""},"class_list":["post-11","page","type-page","status-publish","hentry"],"_links":{"self":[{"href":"https:\/\/iw-berlin.de\/index.php?rest_route=\/wp\/v2\/pages\/11","targetHints":{"allow":["GET"]}}],"collection":[{"href":"https:\/\/iw-berlin.de\/index.php?rest_route=\/wp\/v2\/pages"}],"about":[{"href":"https:\/\/iw-berlin.de\/index.php?rest_route=\/wp\/v2\/types\/page"}],"author":[{"embeddable":true,"href":"https:\/\/iw-berlin.de\/index.php?rest_route=\/wp\/v2\/users\/1"}],"replies":[{"embeddable":true,"href":"https:\/\/iw-berlin.de\/index.php?rest_route=%2Fwp%2Fv2%2Fcomments&post=11"}],"version-history":[{"count":16,"href":"https:\/\/iw-berlin.de\/index.php?rest_route=\/wp\/v2\/pages\/11\/revisions"}],"predecessor-version":[{"id":845,"href":"https:\/\/iw-berlin.de\/index.php?rest_route=\/wp\/v2\/pages\/11\/revisions\/845"}],"wp:attachment":[{"href":"https:\/\/iw-berlin.de\/index.php?rest_route=%2Fwp%2Fv2%2Fmedia&parent=11"}],"curies":[{"name":"wp","href":"https:\/\/api.w.org\/{rel}","templated":true}]}}